{"id":29,"date":"2018-04-29T17:16:39","date_gmt":"2018-04-29T17:16:39","guid":{"rendered":"https:\/\/w.landhotel-elfenhof.de\/?page_id=29"},"modified":"2024-07-29T15:46:22","modified_gmt":"2024-07-29T15:46:22","slug":"preise","status":"publish","type":"page","link":"https:\/\/www.landhotel-elfenhof.de\/fr\/preise\/","title":{"rendered":"Preise"},"content":{"rendered":"<div class=\"csc-header csc-header-n1\">\n<h1 class=\"csc-firstHeader\">Preisliste Elfenhof 2024<\/h1>\n<pre class=\"csc-firstHeader\">\n<table id=\"tablepress-1\" class=\"tablepress tablepress-id-1\">\n<tbody class=\"row-striping row-hover\">\n<tr class=\"row-1\">\n\t<td class=\"column-1\"><strong>Preise<\/strong><\/td><td class=\"column-2\"><strong>Nebensaison<\/strong><\/td><td class=\"column-3\"><strong>Hauptsaison<\/strong><br \/>\n01.05. - 31.10.<\/td>\n<\/tr>\n<tr class=\"row-2\">\n\t<td class=\"column-1\">Einzelzimmer<\/td><td class=\"column-2\">ab 59,00\u20ac<\/td><td class=\"column-3\">ab 79,00\u20ac<\/td>\n<\/tr>\n<tr class=\"row-3\">\n\t<td class=\"column-1\">Doppelzimmer<\/td><td class=\"column-2\">ab 69,00\u20ac<\/td><td class=\"column-3\">ab 89,00\u20ac<\/td>\n<\/tr>\n<tr class=\"row-4\">\n\t<td class=\"column-1\">Familienzimmer<\/td><td class=\"column-2\">ab 89,00\u20ac<\/td><td class=\"column-3\">ab 99,00\u20ac<\/td>\n<\/tr>\n<tr class=\"row-5\">\n\t<td class=\"column-1\">Suite 45 m<sup>2<\/sup><\/td><td class=\"column-2\">ab 99,00\u20ac<\/td><td class=\"column-3\">ab 119,00\u20ac<\/td>\n<\/tr>\n<\/tbody>\n<\/table>\n<!-- #tablepress-1 from cache --><\/pre>\n<\/div>\n<div class=\"csc-frame-frame2 align-center\">\n<p class=\"bodytext\">Die Preise beinhalten eine \u00dcbernachtung inklusive Verw\u00f6hnfr\u00fchst\u00fcck. Die Preise gelten nicht an gesetzlichen Feiertagen, Ferienzeiten, Messezeiten und Wochenenden.<\/p>\n<p class=\"bodytext\">Fahrradverleih f\u00fcr Hausg\u00e4ste: pro Fahrrad und Tag ab 10,00 \u20ac<\/p>\n<p>F\u00fcr Hunde berechnen wir bis zu 30,00 \u20ac. Grunds\u00e4tzlich sind diese nur auf Anfrage erlaubt.<\/p>\n<p>Checkout bis 11.00 Uhr<br \/>\nCheckin von 17.00-20.00 Uhr<br \/>\nAbweichende An- Abreisezeiten sind nur telefonisch abzusprechen<\/p>\n<p>Kostenfrei: Internetzugang und Parkpl\u00e4tze<\/p>\n<\/div>\n","protected":false},"excerpt":{"rendered":"<p>Preisliste Elfenhof 2024 Die Preise beinhalten eine \u00dcbernachtung inklusive Verw\u00f6hnfr\u00fchst\u00fcck. Die Preise gelten nicht an gesetzlichen Feiertagen, Ferienzeiten, Messezeiten und Wochenenden. Fahrradverleih f\u00fcr Hausg\u00e4ste: pro Fahrrad und Tag ab 10,00 \u20ac F\u00fcr Hunde berechnen wir bis zu 30,00 \u20ac. Grunds\u00e4tzlich sind diese nur auf Anfrage erlaubt. Checkout bis 11.00 Uhr Checkin von 17.00-20.00 Uhr Abweichende &hellip; <\/p>\n<p class=\"link-more\"><a href=\"https:\/\/www.landhotel-elfenhof.de\/fr\/preise\/\" class=\"more-link\">Continuer la lecture<span class=\"screen-reader-text\"> de &laquo;&nbsp;Preise&nbsp;&raquo;<\/span><\/a><\/p>\n","protected":false},"author":1,"featured_media":0,"parent":0,"menu_order":0,"comment_status":"closed","ping_status":"closed","template":"","meta":{"footnotes":""},"class_list":["post-29","page","type-page","status-publish","hentry"],"translation":{"provider":"WPGlobus","version":"3.0.0","language":"fr","enabled_languages":["de","en","fr"],"languages":{"de":{"title":true,"content":true,"excerpt":false},"en":{"title":false,"content":false,"excerpt":false},"fr":{"title":false,"content":false,"excerpt":false}}},"_links":{"self":[{"href":"https:\/\/www.landhotel-elfenhof.de\/fr\/wp-json\/wp\/v2\/pages\/29","targetHints":{"allow":["GET"]}}],"collection":[{"href":"https:\/\/www.landhotel-elfenhof.de\/fr\/wp-json\/wp\/v2\/pages"}],"about":[{"href":"https:\/\/www.landhotel-elfenhof.de\/fr\/wp-json\/wp\/v2\/types\/page"}],"author":[{"embeddable":true,"href":"https:\/\/www.landhotel-elfenhof.de\/fr\/wp-json\/wp\/v2\/users\/1"}],"replies":[{"embeddable":true,"href":"https:\/\/www.landhotel-elfenhof.de\/fr\/wp-json\/wp\/v2\/comments?post=29"}],"version-history":[{"count":18,"href":"https:\/\/www.landhotel-elfenhof.de\/fr\/wp-json\/wp\/v2\/pages\/29\/revisions"}],"predecessor-version":[{"id":648,"href":"https:\/\/www.landhotel-elfenhof.de\/fr\/wp-json\/wp\/v2\/pages\/29\/revisions\/648"}],"wp:attachment":[{"href":"https:\/\/www.landhotel-elfenhof.de\/fr\/wp-json\/wp\/v2\/media?parent=29"}],"curies":[{"name":"wp","href":"https:\/\/api.w.org\/{rel}","templated":true}]}}